{"id":2906,"date":"2025-09-30T10:22:06","date_gmt":"2025-09-30T10:22:06","guid":{"rendered":"https:\/\/globalasm.com\/?post_type=product&#038;p=2906"},"modified":"2025-10-31T11:34:16","modified_gmt":"2025-10-31T11:34:16","slug":"ready-fund","status":"publish","type":"product","link":"https:\/\/globalasm.com\/es\/producto\/ready-fund\/","title":{"rendered":"Fondo Desarrollo Liderazgo"},"content":{"rendered":"<p>[et_pb_section fb_built=&#8221;1&#8243; _builder_version=&#8221;4.27.4&#8243; background_color=&#8221;#022222&#8243; background_enable_image=&#8221;off&#8221; width=&#8221;100%&#8221; max_width=&#8221;100%&#8221; custom_margin=&#8221;||||false|false&#8221; custom_padding=&#8221;||||false|false&#8221; global_colors_info=&#8221;{}&#8221;][et_pb_row column_structure=&#8221;1_2,1_2&#8243; _builder_version=&#8221;4.27.4&#8243; background_size=&#8221;initial&#8221; background_position=&#8221;top_left&#8221; background_repeat=&#8221;repeat&#8221; width=&#8221;100%&#8221; width_tablet=&#8221;80%&#8221; width_phone=&#8221;80%&#8221; width_last_edited=&#8221;on|tablet&#8221; custom_padding=&#8221;0px||||false|false&#8221; global_colors_info=&#8221;{}&#8221;][et_pb_column type=&#8221;1_2&#8243; _builder_version=&#8221;4.16&#8243; custom_padding=&#8221;|||&#8221; global_colors_info=&#8221;{}&#8221; custom_padding__hover=&#8221;|||&#8221;][et_pb_wc_images show_product_gallery=&#8221;off&#8221; show_sale_badge=&#8221;off&#8221; _builder_version=&#8221;4.27.4&#8243; _module_preset=&#8221;default&#8221; border_radii_image=&#8221;on|5px|5px|5px|5px&#8221; global_colors_info=&#8221;{}&#8221;][\/et_pb_wc_images][\/et_pb_column][et_pb_column type=&#8221;1_2&#8243; _builder_version=&#8221;4.16&#8243; custom_padding=&#8221;|||&#8221; global_colors_info=&#8221;{}&#8221; custom_padding__hover=&#8221;|||&#8221;][et_pb_wc_description description_type=&#8221;description&#8221; _builder_version=&#8221;4.27.4&#8243; body_text_color=&#8221;#FFFFFF&#8221; body_font_size=&#8221;15px&#8221; global_colors_info=&#8221;{}&#8221;][\/et_pb_wc_description][\/et_pb_column][\/et_pb_row][\/et_pb_section][et_pb_section fb_built=&#8221;1&#8243; _builder_version=&#8221;4.27.4&#8243; _module_preset=&#8221;default&#8221; background_color=&#8221;#2BCEBB&#8221; global_colors_info=&#8221;{}&#8221;][et_pb_row column_structure=&#8221;1_2,1_2&#8243; use_custom_gutter=&#8221;on&#8221; gutter_width=&#8221;2&#8243; make_equal=&#8221;on&#8221; _builder_version=&#8221;4.27.4&#8243; _module_preset=&#8221;default&#8221; global_colors_info=&#8221;{}&#8221;][et_pb_column type=&#8221;1_2&#8243; _builder_version=&#8221;4.27.4&#8243; _module_preset=&#8221;default&#8221; custom_padding_tablet=&#8221;||50px||false|false&#8221; custom_padding_phone=&#8221;||50px||false|false&#8221; custom_padding_last_edited=&#8221;on|tablet&#8221; border_width_right=&#8221;5px&#8221; border_color_right=&#8221;#022222&#8243; border_color_bottom=&#8221;#022222&#8243; border_width_right_tablet=&#8221;0px&#8221; border_width_right_phone=&#8221;0px&#8221; border_width_right_last_edited=&#8221;on|tablet&#8221; border_width_bottom_tablet=&#8221;5px&#8221; border_width_bottom_phone=&#8221;5px&#8221; border_width_bottom_last_edited=&#8221;on|tablet&#8221; global_colors_info=&#8221;{}&#8221;][et_pb_image src=&#8221;https:\/\/globalasm.com\/wp-content\/uploads\/2025\/08\/bank-transfer-dark.png&#8221; title_text=&#8221;bank-transfer dark&#8221; align=&#8221;center&#8221; _builder_version=&#8221;4.27.4&#8243; _module_preset=&#8221;default&#8221; width=&#8221;20%&#8221; global_colors_info=&#8221;{}&#8221;][\/et_pb_image][et_pb_text _builder_version=&#8221;4.27.4&#8243; _module_preset=&#8221;default&#8221; text_font=&#8221;|700|||||||&#8221; text_text_color=&#8221;#022222&#8243; text_font_size=&#8221;20px&#8221; text_orientation=&#8221;center&#8221; global_colors_info=&#8221;{}&#8221;]<\/p>\n<p>Donativo por transferencia<\/p>\n<p>[\/et_pb_text][et_pb_button button_text=&#8221;Transfer info&#8221; button_alignment=&#8221;center&#8221; module_id=&#8221;dipi_popup_id_2917&#8243; _builder_version=&#8221;4.27.4&#8243; _module_preset=&#8221;default&#8221; custom_button=&#8221;on&#8221; button_text_color=&#8221;#F6FDFC&#8221; button_bg_color=&#8221;#333333&#8243; button_border_width=&#8221;0px&#8221; global_colors_info=&#8221;{}&#8221;][\/et_pb_button][\/et_pb_column][et_pb_column type=&#8221;1_2&#8243; _builder_version=&#8221;4.27.4&#8243; _module_preset=&#8221;default&#8221; border_color_right=&#8221;#022222&#8243; border_width_right_tablet=&#8221;0px&#8221; border_width_right_phone=&#8221;0px&#8221; border_width_right_last_edited=&#8221;on|tablet&#8221; global_colors_info=&#8221;{}&#8221;][et_pb_image src=&#8221;https:\/\/globalasm.com\/wp-content\/uploads\/2025\/08\/card-dark.png&#8221; title_text=&#8221;card dark&#8221; align=&#8221;center&#8221; _builder_version=&#8221;4.27.4&#8243; _module_preset=&#8221;default&#8221; width=&#8221;20%&#8221; global_colors_info=&#8221;{}&#8221;][\/et_pb_image][et_pb_text _builder_version=&#8221;4.27.4&#8243; _module_preset=&#8221;default&#8221; text_font=&#8221;|700|||||||&#8221; text_text_color=&#8221;#022222&#8243; text_font_size=&#8221;20px&#8221; text_orientation=&#8221;center&#8221; global_colors_info=&#8221;{}&#8221;]<\/p>\n<p>Donativo por tarjeta<\/p>\n<p>[\/et_pb_text][et_pb_button button_text=&#8221;Card Payment&#8221; button_alignment=&#8221;center&#8221; module_id=&#8221;dipi_popup_id_2913&#8243; _builder_version=&#8221;4.27.4&#8243; _module_preset=&#8221;default&#8221; custom_button=&#8221;on&#8221; button_text_color=&#8221;#F6FDFC&#8221; button_bg_color=&#8221;#333333&#8243; button_border_width=&#8221;0px&#8221; global_colors_info=&#8221;{}&#8221;][\/et_pb_button][\/et_pb_column][\/et_pb_row][\/et_pb_section][et_pb_section fb_built=&#8221;1&#8243; _builder_version=&#8221;4.27.4&#8243; _module_preset=&#8221;default&#8221; locked=&#8221;off&#8221; global_colors_info=&#8221;{}&#8221;][et_pb_row _builder_version=&#8221;4.27.4&#8243; _module_preset=&#8221;default&#8221; global_colors_info=&#8221;{}&#8221;][et_pb_column type=&#8221;4_4&#8243; _builder_version=&#8221;4.27.4&#8243; _module_preset=&#8221;default&#8221; global_colors_info=&#8221;{}&#8221;][et_pb_text _builder_version=&#8221;4.27.4&#8243; _module_preset=&#8221;default&#8221; text_text_color=&#8221;#022222&#8243; link_text_color=&#8221;#2BCEBB&#8221; header_2_text_color=&#8221;#2BCEBB&#8221; global_colors_info=&#8221;{}&#8221;]<\/p>\n<h2 data-start=\"57\" data-end=\"109\"><strong data-start=\"57\" data-end=\"107\">COMPROMISO DE TRANSPARENCIA Y SEGUIMIENTO DEL PROYECTO<\/strong><\/h2>\n<p><strong data-start=\"57\" data-end=\"107\"><\/strong><\/p>\n<p data-start=\"111\" data-end=\"385\">Este compromiso se emite por parte de la organizaci\u00f3n <strong data-start=\"157\" data-end=\"199\">ASOCIACION CENTRO OPERATIVO GLOBAL ASM<\/strong>, con NIF.: G16478851, y domicilio social en Calle Monederos, 20 (28026 Madrid).  Correo electr\u00f3nico de contacto: <a data-start=\"308\" data-end=\"339\" class=\"decorated-link cursor-pointer\" rel=\"noopener\">asociacion.global.asm@gmail.com<span aria-hidden=\"true\" class=\"ms-0.5 inline-block align-middle leading-none\"><svg width=\"20\" height=\"20\" viewbox=\"0 0 20 20\" fill=\"currentColor\" xmlns=\"http:\/\/www.w3.org\/2000\/svg\" data-rtl-flip=\"\" class=\"block h-[0.75em] w-[0.75em] stroke-current stroke-[0.75]\"><path d=\"M14.3349 13.3301V6.60645L5.47065 15.4707C5.21095 15.7304 4.78895 15.7304 4.52925 15.4707C4.26955 15.211 4.26955 14.789 4.52925 14.5293L13.3935 5.66504H6.66011C6.29284 5.66504 5.99507 5.36727 5.99507 5C5.99507 4.63273 6.29284 4.33496 6.66011 4.33496H14.9999L15.1337 4.34863C15.4369 4.41057 15.665 4.67857 15.665 5V13.3301C15.6649 13.6973 15.3672 13.9951 14.9999 13.9951C14.6327 13.9951 14.335 13.6973 14.3349 13.3301Z\"><\/path><\/svg><\/span><\/a>, en relaci\u00f3n al proyecto \"Fondo Desarrollo Liderazgo\".<\/p>\n<p data-start=\"387\" data-end=\"562\"><strong data-start=\"387\" data-end=\"416\">Finalidad del Compromiso<\/strong><br data-start=\"416\" data-end=\"419\" \/>Nuestra misi\u00f3n es promover el bienestar integral de comunidades vulnerables mediante proyectos sociales, educativos, sanitarios y espirituales.<\/p>\n<p data-start=\"564\" data-end=\"682\">Este documento expresa nuestro compromiso con cada persona que decide asociarse como colaborador\/a o donante del proyecto.<\/p>\n<p data-start=\"684\" data-end=\"763\"><strong data-start=\"684\" data-end=\"745\">Compromisos de la entidad hacia el colaborador\/donante<\/strong><br data-start=\"745\" data-end=\"748\" \/>Nos comprometemos a:<\/p>\n<ol data-start=\"764\" data-end=\"1273\">\n<li data-start=\"764\" data-end=\"915\">Informar peri\u00f3dicamente sobre el desarrollo del proyecto, m\u00ednimo cada 6 meses, a trav\u00e9s de boletines electr\u00f3nicos, videos o informes descargables.<\/li>\n<li data-start=\"916\" data-end=\"1097\">Rendir cuentas del uso de los fondos donados, mediante informes anuales o semestrales que incluyan: Presupuesto ejecutado. Detalle de las actividades financiadas. Resultados e impacto social alcanzado.<\/li>\n<li data-start=\"1098\" data-end=\"1189\">Responder a cualquier solicitud de informaci\u00f3n adicional en un plazo no mayor a 30 d\u00edas h\u00e1biles.<\/li>\n<li data-start=\"1190\" data-end=\"1273\">Emitir justificante de donaci\u00f3n anual, v\u00e1lido ante Hacienda si aplica.<\/li>\n<\/ol>\n<p data-start=\"1275\" data-end=\"1381\"><strong data-start=\"1275\" data-end=\"1314\">Derechos del colaborador o donante<\/strong><br data-start=\"1314\" data-end=\"1317\" \/>Toda persona que colabora con este proyecto tiene derecho a:<\/p>\n<ul data-start=\"1382\" data-end=\"1714\">\n<li data-start=\"1382\" data-end=\"1485\">\n<p data-start=\"1384\" data-end=\"1485\">Recibir informaci\u00f3n clara, accesible y verificable sobre c\u00f3mo se est\u00e1n utilizando sus aportaciones.<\/p>\n<\/li>\n<li data-start=\"1486\" data-end=\"1585\">\n<p data-start=\"1488\" data-end=\"1585\">Solicitar baja en cualquier momento como donante peri\u00f3dico o dejar de recibir comunicaciones.<\/p>\n<\/li>\n<li data-start=\"1586\" data-end=\"1714\">\n<p data-start=\"1588\" data-end=\"1714\">Aportar sugerencias o preguntas sobre el desarrollo del proyecto a trav\u00e9s del correo: <a data-start=\"1680\" data-end=\"1711\" class=\"decorated-link cursor-pointer\" rel=\"noopener\">asociacion.global.asm@gmail.com<span aria-hidden=\"true\" class=\"ms-0.5 inline-block align-middle leading-none\"><svg width=\"20\" height=\"20\" viewbox=\"0 0 20 20\" fill=\"currentColor\" xmlns=\"http:\/\/www.w3.org\/2000\/svg\" data-rtl-flip=\"\" class=\"block h-[0.75em] w-[0.75em] stroke-current stroke-[0.75]\"><path d=\"M14.3349 13.3301V6.60645L5.47065 15.4707C5.21095 15.7304 4.78895 15.7304 4.52925 15.4707C4.26955 15.211 4.26955 14.789 4.52925 14.5293L13.3935 5.66504H6.66011C6.29284 5.66504 5.99507 5.36727 5.99507 5C5.99507 4.63273 6.29284 4.33496 6.66011 4.33496H14.9999L15.1337 4.34863C15.4369 4.41057 15.665 4.67857 15.665 5V13.3301C15.6649 13.6973 15.3672 13.9951 14.9999 13.9951C14.6327 13.9951 14.335 13.6973 14.3349 13.3301Z\"><\/path><\/svg><\/span><\/a>.<\/p>\n<\/li>\n<\/ul>\n<p data-start=\"1716\" data-end=\"1904\"><strong data-start=\"1716\" data-end=\"1744\">Protecci\u00f3n de datos personales<\/strong><br data-start=\"1744\" data-end=\"1747\" \/>Los datos proporcionados por los donantes se tratar\u00e1n de acuerdo con el RGPD y LOPDGDD. Consulta nuestra <a href=\"https:\/\/globalasm.com\/es\/privacy-policy\/\" target=\"_blank\" rel=\"noopener\">Pol\u00edtica de privacidad<\/a><\/p>\n<p data-start=\"1906\" data-end=\"2112\"><strong data-start=\"1906\" data-end=\"1929\">Vigencia y revisi\u00f3n<\/strong><br data-start=\"1929\" data-end=\"1932\" \/>Este compromiso estar\u00e1 vigente mientras dure el proyecto y se revisar\u00e1 anualmente para garantizar su actualizaci\u00f3n conforme a la realidad del trabajo en terreno.<\/p>\n<p>[\/et_pb_text][\/et_pb_column][\/et_pb_row][\/et_pb_section][et_pb_section fb_built=&#8221;1&#8243; _builder_version=&#8221;4.27.4&#8243; _module_preset=&#8221;default&#8221; global_colors_info=&#8221;{}&#8221;][et_pb_row _builder_version=&#8221;4.27.4&#8243; _module_preset=&#8221;default&#8221; global_colors_info=&#8221;{}&#8221;][et_pb_column type=&#8221;4_4&#8243; _builder_version=&#8221;4.27.4&#8243; _module_preset=&#8221;default&#8221; global_colors_info=&#8221;{}&#8221;][et_pb_text _builder_version=&#8221;4.27.4&#8243; _module_preset=&#8221;default&#8221; text_font=&#8221;|&#8211;et_global_body_font_weight|||||||&#8221; text_text_color=&#8221;#022222&#8243; text_font_size=&#8221;30px&#8221; text_orientation=&#8221;center&#8221; global_colors_info=&#8221;{}&#8221;]<\/p>\n<p>Todos los proyectos<\/p>\n<p>[\/et_pb_text][\/et_pb_column][\/et_pb_row][et_pb_row _builder_version=&#8221;4.27.4&#8243; _module_preset=&#8221;default&#8221; global_colors_info=&#8221;{}&#8221;][et_pb_column type=&#8221;4_4&#8243; _builder_version=&#8221;4.27.4&#8243; _module_preset=&#8221;default&#8221; global_colors_info=&#8221;{}&#8221;][et_pb_shop type=&#8221;product_category&#8221; include_categories=&#8221;35&#8243; icon_hover_color=&#8221;RGBA(255,255,255,0)&#8221; hover_overlay_color=&#8221;rgba(43,206,187,0.5)&#8221; show_price=&#8221;off&#8221; show_rating=&#8221;off&#8221; show_sale_badge=&#8221;off&#8221; _builder_version=&#8221;4.27.4&#8243; _module_preset=&#8221;default&#8221; locked=&#8221;off&#8221; global_colors_info=&#8221;{}&#8221;][\/et_pb_shop][\/et_pb_column][\/et_pb_row][\/et_pb_section]<\/p>","protected":false},"excerpt":{"rendered":"<p><strong>Fondo Desarrollo Liderazgo: Equipando L\u00edderes, Transformando Comunidades<\/strong><\/p>\n<p>Imagina un mundo donde los l\u00edderes locales tienen las herramientas, el conocimiento y la confianza para transformar sus propias comunidades. El Fondo de Desarrollo de Liderazgo lo hace posible al proveer recursos para la planificaci\u00f3n estrat\u00e9gica, el intercambio creativo de ideas y la capacitaci\u00f3n de liderazgo que generan un impacto duradero.<\/p>\n<p><strong>\u00bfPor qu\u00e9 el Fondo de Desarrollo Liderazgo?<\/strong><\/p>\n<ul>\n<li>Porque el cambio comienza con un plan. Muchas comunidades carecen de recursos para dise\u00f1ar estrategias de transformaci\u00f3n a largo plazo.<br \/>\n\u2022 Porque las ideas se fortalecen cuando se comparten. Los l\u00edderes aprenden e innovan m\u00e1s r\u00e1pido cuando est\u00e1n conectados entre culturas y sectores.<br \/>\n\u2022 Porque la capacitaci\u00f3n empodera. Con las habilidades adecuadas, los l\u00edderes pueden crear oportunidades y fortalecer la resiliencia donde m\u00e1s se necesita.<\/li>\n<\/ul>\n<p><strong>Tu Impacto<\/strong><\/p>\n<p>Cada contribuci\u00f3n al Fondo de Desarrollo de Liderazgo equipa a l\u00edderes en todo el mundo con:<br \/>\n&#8211; Strategic roadmaps to guide transformation.<br \/>\n&#8211; Opportunities to connect and exchange innovative ideas.<br \/>\n&#8211; Training programs that empower leaders and strengthen communities.<\/p>\n<p><strong>\u00danete a Nosotros<\/strong><\/p>\n<p>El Fondo Desarrollo Liderazgo es una invitaci\u00f3n a asociarse en la transformaci\u00f3n global. Juntos podemos asegurar que los l\u00edderes est\u00e9n listos para enfrentar los desaf\u00edos con sabidur\u00eda, creatividad y valent\u00eda. Tu generosidad hoy ayuda a que las comunidades prosperen\u00a0ma\u00f1ana.<\/p>","protected":false},"featured_media":2907,"template":"","meta":{"_et_pb_use_builder":"on","_et_pb_old_content":"<strong>Equipping Leaders, Transforming Communities Ready Fund<\/strong>\r\n\r\nImagine a world where local leaders have the tools, knowledge, and confidence to transform their own communities. The Ready Fund makes this possible by resourcing strategic planning, creative idea exchanges, and leadership training that leads to lasting impact.\r\n\r\n<strong>Why the Equipping Leaders &amp; Transforming Communities\u00a0Ready\u00a0Fund?<\/strong>\r\n<ul>\r\n \t<li>Because change starts with a plan. Many communities lack resources to design strategies for long-term transformation.\r\n\u2022 Because ideas grow stronger when shared. Leaders learn and innovate faster when connected across cultures and sectors.\r\n\u2022 Because training empowers. With the right skills, leaders can create opportunities and strengthen resilience where it\u2019s needed most.<\/li>\r\n<\/ul>\r\n<strong>Your Impact<\/strong>\r\n\r\nEvery contribution to the Ready Fund equips leaders worldwide with:\r\n- Strategic roadmaps to guide transformation.\r\n- Opportunities to connect and exchange innovative ideas.\r\n- Training programs that empower leaders and strengthen communities.\r\n\r\n<strong>Join Us<\/strong>\r\n\r\nThe Ready Fund is an invitation to partner in global transformation. Together, we can ensure that leaders are ready to meet challenges with wisdom, creativity, and courage. Your generosity today helps communities thrive tomorrow.","_et_gb_content_width":""},"product_brand":[],"product_cat":[35],"product_tag":[],"class_list":{"0":"post-2906","1":"product","2":"type-product","3":"status-publish","4":"has-post-thumbnail","6":"product_cat-projects","8":"first","9":"instock","10":"virtual","11":"product-type-simple"},"_links":{"self":[{"href":"https:\/\/globalasm.com\/es\/wp-json\/wp\/v2\/product\/2906","targetHints":{"allow":["GET"]}}],"collection":[{"href":"https:\/\/globalasm.com\/es\/wp-json\/wp\/v2\/product"}],"about":[{"href":"https:\/\/globalasm.com\/es\/wp-json\/wp\/v2\/types\/product"}],"wp:featuredmedia":[{"embeddable":true,"href":"https:\/\/globalasm.com\/es\/wp-json\/wp\/v2\/media\/2907"}],"wp:attachment":[{"href":"https:\/\/globalasm.com\/es\/wp-json\/wp\/v2\/media?parent=2906"}],"wp:term":[{"taxonomy":"product_brand","embeddable":true,"href":"https:\/\/globalasm.com\/es\/wp-json\/wp\/v2\/product_brand?post=2906"},{"taxonomy":"product_cat","embeddable":true,"href":"https:\/\/globalasm.com\/es\/wp-json\/wp\/v2\/product_cat?post=2906"},{"taxonomy":"product_tag","embeddable":true,"href":"https:\/\/globalasm.com\/es\/wp-json\/wp\/v2\/product_tag?post=2906"}],"curies":[{"name":"wp","href":"https:\/\/api.w.org\/{rel}","templated":true}]}}